{"id":12,"date":"2021-10-05T11:57:26","date_gmt":"2021-10-05T09:57:26","guid":{"rendered":"http:\/\/chantepourlui.com\/?page_id=12"},"modified":"2021-10-21T12:11:11","modified_gmt":"2021-10-21T10:11:11","slug":"biographie","status":"publish","type":"page","link":"http:\/\/chantepourlui.com\/?page_id=12","title":{"rendered":"Biographie"},"content":{"rendered":"\t\t<div data-elementor-type=\"wp-page\" data-elementor-id=\"12\" class=\"elementor elementor-12\" data-elementor-settings=\"[]\">\n\t\t\t\t\t\t\t<div class=\"elementor-section-wrap\">\n\t\t\t\t\t\t\t<section class=\"elementor-section elementor-top-section elementor-element elementor-element-dbb0903 elementor-section-stretched elementor-section-boxed elementor-section-height-default elementor-section-height-default\" data-id=\"dbb0903\" data-element_type=\"section\" data-settings=\"{&quot;stretch_section&quot;:&quot;section-stretched&quot;}\">\n\t\t\t\t\t\t<div class=\"elementor-container elementor-column-gap-default\">\n\t\t\t\t\t<div class=\"elementor-column elementor-col-66 elementor-top-column elementor-element elementor-element-8a2d25c\" data-id=\"8a2d25c\" data-element_type=\"column\">\n\t\t\t<div class=\"elementor-widget-wrap elementor-element-populated\">\n\t\t\t\t\t\t\t\t<div class=\"elementor-element elementor-element-023a533 elementor-widget elementor-widget-text-editor\" data-id=\"023a533\" data-element_type=\"widget\" data-widget_type=\"text-editor.default\">\n\t\t\t\t<div class=\"elementor-widget-container\">\n\t\t\t\t\t\t\t<p><strong><br><\/strong><\/p><p><strong><br><\/strong><\/p><p><strong><br><\/strong><\/p><p><strong><br><\/strong><\/p><p><strong><br><\/strong><\/p><p><strong><br><\/strong><\/p><p><strong><br><\/strong><\/p><p><strong><br><\/strong><\/p><p><strong><br><\/strong><\/p><p><strong><br><\/strong><\/p><p><strong><br><\/strong><\/p><p><strong>SIMON COURATIER<\/strong><br><strong>&#8211; Saxophoniste, fl\u00fbtiste, machiniste, soundpainter, compositeur &#8211;<\/strong><\/p>\t\t\t\t\t\t<\/div>\n\t\t\t\t<\/div>\n\t\t\t\t\t<\/div>\n\t\t<\/div>\n\t\t\t\t<div class=\"elementor-column elementor-col-33 elementor-top-column elementor-element elementor-element-abd1917\" data-id=\"abd1917\" data-element_type=\"column\">\n\t\t\t<div class=\"elementor-widget-wrap elementor-element-populated\">\n\t\t\t\t\t\t\t\t<div class=\"elementor-element elementor-element-ca28a5d elementor-widget elementor-widget-image\" data-id=\"ca28a5d\" data-element_type=\"widget\" data-widget_type=\"image.default\">\n\t\t\t\t<div class=\"elementor-widget-container\">\n\t\t\t\t\t\t\t\t\t\t\t\t\t\t\t<img width=\"683\" height=\"1024\" src=\"http:\/\/chantepourlui.com\/wp-content\/uploads\/2021\/10\/73181173_779162702514572_3496062203092533248_o-683x1024.jpg\" class=\"attachment-large size-large\" alt=\"\" loading=\"lazy\" srcset=\"http:\/\/chantepourlui.com\/wp-content\/uploads\/2021\/10\/73181173_779162702514572_3496062203092533248_o-683x1024.jpg 683w, http:\/\/chantepourlui.com\/wp-content\/uploads\/2021\/10\/73181173_779162702514572_3496062203092533248_o-200x300.jpg 200w, http:\/\/chantepourlui.com\/wp-content\/uploads\/2021\/10\/73181173_779162702514572_3496062203092533248_o-768x1151.jpg 768w, http:\/\/chantepourlui.com\/wp-content\/uploads\/2021\/10\/73181173_779162702514572_3496062203092533248_o-1025x1536.jpg 1025w, http:\/\/chantepourlui.com\/wp-content\/uploads\/2021\/10\/73181173_779162702514572_3496062203092533248_o.jpg 1109w\" sizes=\"(max-width: 683px) 100vw, 683px\" style=\"width:100%;height:149.86%;max-width:1109px\" \/>\t\t\t\t\t\t\t\t\t\t\t\t\t\t\t<\/div>\n\t\t\t\t<\/div>\n\t\t\t\t\t<\/div>\n\t\t<\/div>\n\t\t\t\t\t\t\t<\/div>\n\t\t<\/section>\n\t\t\t\t<section class=\"elementor-section elementor-top-section elementor-element elementor-element-4f327fe elementor-section-stretched elementor-section-boxed elementor-section-height-default elementor-section-height-default\" data-id=\"4f327fe\" data-element_type=\"section\" data-settings=\"{&quot;stretch_section&quot;:&quot;section-stretched&quot;}\">\n\t\t\t\t\t\t<div class=\"elementor-container elementor-column-gap-default\">\n\t\t\t\t\t<div class=\"elementor-column elementor-col-100 elementor-top-column elementor-element elementor-element-96d5883\" data-id=\"96d5883\" data-element_type=\"column\">\n\t\t\t<div class=\"elementor-widget-wrap elementor-element-populated\">\n\t\t\t\t\t\t\t\t<div class=\"elementor-element elementor-element-3f2658a elementor-widget elementor-widget-text-editor\" data-id=\"3f2658a\" data-element_type=\"widget\" data-widget_type=\"text-editor.default\">\n\t\t\t\t<div class=\"elementor-widget-container\">\n\t\t\t\t\t\t\t<p>Il d\u00e9bute ses \u00e9tudes musicales au Conservatoire d\u2019Orl\u00e9ans, o\u00f9 il obtient un premier prix de musique de chambre,<br \/>puis un premier prix de saxophone et un premier prix de formation musicale.<br \/>Il poursuit son cursus \u00e0 Jazz \u00e0 Tours puis \u00e0 Aubervilliers La Courneuve afin d\u2019approfondir ses connaissances dans les domaines du jazz et des musiques improvis\u00e9es. Depuis 2000, Simon Couratier enseigne le saxophone, dirige des<br \/>ateliers musicaux et anime des conf\u00e9rences dans divers organismes tels que les Conservatoires, les \u00e9coles de musique ou encore les \u00e9coles primaires.<\/p><p>Sa rencontre avec Vincent L\u00ea Quang (professeur au CNSMD de Paris) lors d\u2019une masterclass en 2004 \u00e0 Tours est d\u00e9cisive. Il d\u00e9couvre le Soundpainting et se passionne pour ce langage. Walter Thompson (le cr\u00e9ateur du Soundpainting) l\u2019invite \u00e0 participer au stage \u00abThink-Tank\u00bb (r\u00e9union annuelle des soundpainters). <br \/>Ces diff\u00e9rents s\u00e9minaires lui permettent de voyager r\u00e9guli\u00e8rement partout dans le monde<br \/>(Su\u00e8de, Etat-Unis, Belgique, Angleterre, Italie, Espagne,etc).Il encadre souvent des projets p\u00e9dagogiques dans<br \/>des stages ou master class avec, comme public, des enfants, des adultes, des professeurs de musique, des enseignants, des \u00e9tudiants, des harmonies, des chorales, des ateliers de jazz et musiques actuelles, etc.<br \/>Sa diversit\u00e9 musicale et sa polyvalence instrumentale l\u2019invitent \u00e0 jouer dans des groupes tr\u00e8s diversifi\u00e9s.<\/p><p>Avant tout musicien improvisateur, Simon Couratier joue du saxophone baryton dans le quatuor Machaut<br \/>(musique du XIV si\u00e8cle m\u00e9lang\u00e9e \u00e0 de l\u2019improvisation contemporaine). Il est fl\u00fbtiste et saxophoniste dans <br \/>le groupe Majnun (musique du monde). Son exp\u00e9rience dans le jazz et son go\u00fbt pour les grosses formations orchestrales le poussent \u00e0 jouer diff\u00e9rents soufflants dans le big band OjazzO. <br \/>Attir\u00e9 par la com\u00e9die et la rue, il est \u00e0 l\u2019origine du groupe NaughtyBrigitte.com et int\u00e8gre la Compagnie du Coin <br \/>pour la cr\u00e9ation du nouveau spectacle de la Compagnie du Coin. <br \/>Il co-\u00e9crit et interpr\u00e8te la musique du spectacle A la D\u00e9rive (conte fantastique). <br \/>Sa passion pour la musique \u00e9lectronique l\u2019am\u00e8ne \u00e0 travailler en tant que machiniste<br \/>dans divers groupes. Membre fondateur et leader du groupe Paint Atonik, il cr\u00e9e le spectacle Homme-Machine<br \/>(cin\u00e9-concert atypique croisant arts num\u00e9riques et Soundpainting). Il exp\u00e9rimente une musique entra\u00eenante au travers des groupes 4,5 G sur l\u2019\u00e9chelle de Richter et B\u00fbche. Il est invit\u00e9 \u00e0 plusieurs reprise \u00e0 Munich pour cr\u00e9er la musique de la performance dans\u00e9e Rush Hour. Dans Volga, il utilise la MAO (Musique Assist\u00e9e par Ordinateur) pour revisiter les po\u00e8mes de Vladimir Ma\u00efakovski. Cette utilisation de l\u2019ordinateur pour modifier les sons acoustiques en tant r\u00e9el est le socle du duo improvis\u00e9 Mise en boite (exp\u00e9rience sensorielle au casque).<br \/>Inspir\u00e9 par la forme po\u00e9tique japonaise traditionnelle des ha\u00efkus il cr\u00e9\u00e9 avec Ale le duo Ha\u00efkus Num\u00e9riques (performance musicale et visuelle dirig\u00e9 par ordinateur).<\/p>\t\t\t\t\t\t<\/div>\n\t\t\t\t<\/div>\n\t\t\t\t\t<\/div>\n\t\t<\/div>\n\t\t\t\t\t\t\t<\/div>\n\t\t<\/section>\n\t\t\t\t<section class=\"elementor-section elementor-top-section elementor-element elementor-element-9e2ce11 elementor-section-stretched elementor-section-boxed elementor-section-height-default elementor-section-height-default\" data-id=\"9e2ce11\" data-element_type=\"section\" data-settings=\"{&quot;stretch_section&quot;:&quot;section-stretched&quot;}\">\n\t\t\t\t\t\t<div class=\"elementor-container elementor-column-gap-default\">\n\t\t\t\t\t<div class=\"elementor-column elementor-col-50 elementor-top-column elementor-element elementor-element-aef4813\" data-id=\"aef4813\" data-element_type=\"column\">\n\t\t\t<div class=\"elementor-widget-wrap elementor-element-populated\">\n\t\t\t\t\t\t\t\t<div class=\"elementor-element elementor-element-6a86797 elementor-widget elementor-widget-text-editor\" data-id=\"6a86797\" data-element_type=\"widget\" data-widget_type=\"text-editor.default\">\n\t\t\t\t<div class=\"elementor-widget-container\">\n\t\t\t\t\t\t\t\t\t\t\t\t\t<\/div>\n\t\t\t\t<\/div>\n\t\t\t\t<div class=\"elementor-element elementor-element-b43300e elementor-widget elementor-widget-text-editor\" data-id=\"b43300e\" data-element_type=\"widget\" data-widget_type=\"text-editor.default\">\n\t\t\t\t<div class=\"elementor-widget-container\">\n\t\t\t\t\t\t\t<p><strong>\u00a0<\/strong><\/p><p><strong>\u00a0<\/strong><\/p><p><strong>\u00a0<\/strong><\/p><p><strong>\u00a0<\/strong><\/p><p><strong>\u00a0<\/strong><\/p><p><strong>\u00a0<\/strong><\/p><p><strong>\u00a0<\/strong><\/p><p><strong>\u00a0<\/strong><\/p><p><strong>\u00a0<\/strong><strong>GEORGIA HADJAB<\/strong><\/p><p><strong>&#8211; Chanteuse, autrice, compositrice &#8211;<\/strong><\/p>\t\t\t\t\t\t<\/div>\n\t\t\t\t<\/div>\n\t\t\t\t\t<\/div>\n\t\t<\/div>\n\t\t\t\t<div class=\"elementor-column elementor-col-50 elementor-top-column elementor-element elementor-element-a00f631\" data-id=\"a00f631\" data-element_type=\"column\">\n\t\t\t<div class=\"elementor-widget-wrap elementor-element-populated\">\n\t\t\t\t\t\t\t\t<div class=\"elementor-element elementor-element-c812fa3 elementor-widget elementor-widget-image\" data-id=\"c812fa3\" data-element_type=\"widget\" data-widget_type=\"image.default\">\n\t\t\t\t<div class=\"elementor-widget-container\">\n\t\t\t\t\t\t\t\t\t\t\t\t\t\t\t<img width=\"750\" height=\"750\" src=\"http:\/\/chantepourlui.com\/wp-content\/uploads\/2021\/10\/74239267_10216452593370980_5496006152447590400_o-1024x1024.jpg\" class=\"attachment-large size-large\" alt=\"\" loading=\"lazy\" srcset=\"http:\/\/chantepourlui.com\/wp-content\/uploads\/2021\/10\/74239267_10216452593370980_5496006152447590400_o-1024x1024.jpg 1024w, http:\/\/chantepourlui.com\/wp-content\/uploads\/2021\/10\/74239267_10216452593370980_5496006152447590400_o-300x300.jpg 300w, http:\/\/chantepourlui.com\/wp-content\/uploads\/2021\/10\/74239267_10216452593370980_5496006152447590400_o-150x150.jpg 150w, http:\/\/chantepourlui.com\/wp-content\/uploads\/2021\/10\/74239267_10216452593370980_5496006152447590400_o-768x768.jpg 768w, http:\/\/chantepourlui.com\/wp-content\/uploads\/2021\/10\/74239267_10216452593370980_5496006152447590400_o-1536x1536.jpg 1536w, http:\/\/chantepourlui.com\/wp-content\/uploads\/2021\/10\/74239267_10216452593370980_5496006152447590400_o-1568x1568.jpg 1568w, http:\/\/chantepourlui.com\/wp-content\/uploads\/2021\/10\/74239267_10216452593370980_5496006152447590400_o.jpg 2017w\" sizes=\"(max-width: 750px) 100vw, 750px\" style=\"width:100%;height:100%;max-width:2017px\" \/>\t\t\t\t\t\t\t\t\t\t\t\t\t\t\t<\/div>\n\t\t\t\t<\/div>\n\t\t\t\t\t<\/div>\n\t\t<\/div>\n\t\t\t\t\t\t\t<\/div>\n\t\t<\/section>\n\t\t\t\t<section class=\"elementor-section elementor-top-section elementor-element elementor-element-3035687 elementor-section-stretched elementor-section-boxed elementor-section-height-default elementor-section-height-default\" data-id=\"3035687\" data-element_type=\"section\" data-settings=\"{&quot;stretch_section&quot;:&quot;section-stretched&quot;}\">\n\t\t\t\t\t\t<div class=\"elementor-container elementor-column-gap-default\">\n\t\t\t\t\t<div class=\"elementor-column elementor-col-100 elementor-top-column elementor-element elementor-element-375189f\" data-id=\"375189f\" data-element_type=\"column\">\n\t\t\t<div class=\"elementor-widget-wrap elementor-element-populated\">\n\t\t\t\t\t\t\t\t<div class=\"elementor-element elementor-element-619acaa elementor-widget elementor-widget-text-editor\" data-id=\"619acaa\" data-element_type=\"widget\" data-widget_type=\"text-editor.default\">\n\t\t\t\t<div class=\"elementor-widget-container\">\n\t\t\t\t\t\t\t<p><span style=\"color: #eeeeee;\"><span style=\"font-family: Arial, sans-serif;\"><span style=\"font-size: small;\">Georgia Hadjab a vu na\u00eetre sa passion artistique dans les musiques actuelles, africaines et latines.<\/span><\/span><\/span><\/p><p><span style=\"color: #eeeeee;\"><span style=\"font-family: Arial, sans-serif;\"><span style=\"font-size: small;\"> Depuis quelques ann\u00e9es, elle s&#8217;oriente vers le jazz, les musiques improvis\u00e9es et les cr\u00e9ations pluridisciplinaires.<\/span><\/span><\/span><\/p><p style=\"margin-bottom: 0cm;\" align=\"JUSTIFY\"><span style=\"color: #eeeeee;\"><span style=\"font-family: Arial, sans-serif;\"><span style=\"font-size: small;\">Elle s&#8217;est form\u00e9e aupr\u00e8s de diff\u00e9rents professeurs de chant dont Allan Wright, puis au CRD de Blois \u2013 parcours DEM Musiques Actuelles &#8211; et a suivi le &#8216;cursus professionnel intensif Jazz&#8217; de l&#8217;\u00e9cole Jazz \u00e0 Tours.<\/span><\/span><\/span><span style=\"color: #eeeeee;\"><span style=\"font-family: Arial, sans-serif;\"><span style=\"font-size: small;\"> Parall\u00e8lement \u00e0 son parcours professionnalisant de musicienne, elle a une pratique r\u00e9guli\u00e8re du th\u00e9\u00e2tre, des danses hip hop, africaines et contemporaines au sein de diff\u00e9rentes compagnies.<\/span><\/span><\/span><span style=\"color: #eeeeee;\"><span style=\"font-family: Arial, sans-serif;\"><span style=\"font-size: small;\"> Elle se professionnalise \u00e0 l&#8217;\u00e2ge de 21 ans et enseigne la technique vocale depuis 2009 en \u00e9coles de musiques actuelles dans le loiret. Elle tourne plusieurs ann\u00e9es en France notamment avec le groupe de Gospel <\/span><\/span><\/span><span style=\"color: #eeeeee;\"><span style=\"font-family: Arial, sans-serif;\"><span style=\"font-size: small;\"><i>&#8216;Soul Voices&#8217;.<\/i><\/span><\/span><\/span><\/p><p style=\"margin-bottom: 0cm;\" align=\"JUSTIFY\"><span style=\"color: #eeeeee;\"><span style=\"font-family: Arial, sans-serif;\"><span style=\"font-size: small;\">Elle fonde diff\u00e9rentes formations dont les groupes <\/span><\/span><\/span><span style=\"color: #eeeeee;\"><span style=\"font-family: Arial, sans-serif;\"><span style=\"font-size: small;\"><i>&#8216;A Kind Of Colour&#8217;<\/i><\/span><\/span><\/span><span style=\"color: #eeeeee;\"><span style=\"font-family: Arial, sans-serif;\"><span style=\"font-size: small;\"> puis &#8216;<\/span><\/span><\/span><span style=\"color: #eeeeee;\"><span style=\"font-family: Arial, sans-serif;\"><span style=\"font-size: small;\"><b>Zinnya<\/b><\/span><\/span><\/span><span style=\"color: #eeeeee;\"><span style=\"font-family: Arial, sans-serif;\"><span style=\"font-size: small;\"><i>&#8216;<\/i><\/span><\/span><\/span><span style=\"color: #eeeeee;\"><span style=\"font-family: Arial, sans-serif;\"><span style=\"font-size: small;\"> dans lequel elle est auteure compositrice et arrangeuse.<\/span><\/span><\/span><\/p><p style=\"margin-bottom: 0cm;\" align=\"JUSTIFY\"><span style=\"color: #eeeeee;\"><span style=\"font-family: Arial, sans-serif;\"><span style=\"font-size: small;\">En 2015, l&#8217;album &#8216;Spontan\u00e9it\u00e9&#8217; sera produit et distribu\u00e9 par &#8216;L&#8217;Autre Distribution&#8217; et b\u00e9n\u00e9ficiera d&#8217;une visibilit\u00e9 nationale.<\/span><\/span><\/span><\/p><p align=\"JUSTIFY\"><span style=\"color: #eeeeee;\"><span style=\"font-family: Arial, sans-serif;\"><span style=\"font-size: small;\">Elle participe \u00e0 de nombreuses cr\u00e9ations, brisant les fronti\u00e8res entres les styles et les genres comme &#8216;Voix de Femmes&#8217; (projet m\u00ealant arabe, peul, wolof, russe et fran\u00e7ais) ou d&#8217;autres plus exp\u00e9rimentaux telle qu&#8217;une cr\u00e9ation autour de chants gr\u00e9goriens, arabes, du jazz et des musiques \u00e9lectroniques avec entre autre Cyril Parmentier et Nicolas Vicquenault.<\/span><\/span><\/span><span style=\"color: #eeeeee;\"><span style=\"font-family: Arial, sans-serif;\"><span style=\"font-size: small;\"> Elle participe \u00e9galement \u00e0 des projets p\u00e9dagogiques tel que le &#8216;R\u00e9cr\u00e9 Jazz&#8217; : une initiation au monde et la musique Jazz propos\u00e9e lors de Festivals.<\/span><\/span><\/span><\/p><p style=\"margin-bottom: 0cm;\" align=\"JUSTIFY\"><span style=\"color: #eeeeee;\"><span style=\"font-family: Arial, sans-serif;\"><span style=\"font-size: small;\">En 2017, elle \u00e9crit un titre pour l&#8217;album du pianiste Yacine Malek dans lequel il s&#8217;entoure de musiciens tels que Karim Ziad et Michel Alibo et elle propose, pour la cl\u00f4ture du Festival de Jazz d&#8217;Orl\u00e9ans 2018, un hommage \u00e0 l&#8217;artiste Joni Mitchell dans une version Jazz moderne avec le quintet &#8216;Mazij&#8217; compos\u00e9\u00a0de Baptiste Dubreuil, Nicolas Burgevin, Samuel Haubois et Thibaut Lurton.<\/span><\/span><\/span><\/p><p style=\"margin-bottom: 0cm;\" align=\"JUSTIFY\"><span style=\"color: #eeeeee;\"><span style=\"font-family: Arial, sans-serif;\"><span style=\"font-size: small;\">En 2019, avec le bassiste Julio Rak, elle accompagne l&#8217;artiste Charles Kely dans son projet Jazz et musiques malgaches (diffusion nationale).<\/span><\/span><\/span><\/p><p style=\"margin-bottom: 0cm;\" align=\"JUSTIFY\"><span style=\"color: #eeeeee;\"><span style=\"font-family: Arial, sans-serif;\"><span style=\"font-size: small;\">Elle cr\u00e9e &#8216;<\/span><\/span><\/span><span style=\"color: #eeeeee;\"><span style=\"font-family: Arial, sans-serif;\"><span style=\"font-size: small;\"><b>Tanafas<\/b><\/span><\/span><\/span><span style=\"color: #eeeeee;\"><span style=\"font-family: Arial, sans-serif;\"><span style=\"font-size: small;\">&#8216; &#8211; \u00e0 la demande de G\u00e9rard Bedu pour le festival &#8216;Jazz au Moulin'(45) &#8211; un nouveau r\u00e9pertoire \u00ab\u00a0fusion ethnique\u00a0\u00bb autour des musiques nord et ouest africaines avec les musiciens Adrien Chennebault, Reda Chami et Olivier Poulot.<\/span><\/span><\/span><\/p><p style=\"margin-bottom: 0cm; text-align: left;\" align=\"JUSTIFY\"><span style=\"color: #eeeeee;\"><span style=\"font-family: Arial, sans-serif;\"><span style=\"font-size: small;\">En 2021, soutenue par la R\u00e9gion Centre Val de Loire, la DRAC, les Villes d&#8217;Orl\u00e9ans et St Pierre des Corps et des lieux culturels tels que l&#8217;Abbaye de Noirlac (18) et La Pratique (36), elle cr\u00e9e le spectacle &#8216;<\/span><\/span><\/span><span style=\"color: #eeeeee;\"><span style=\"font-family: Arial, sans-serif;\"><span style=\"font-size: small;\"><b>Chante pour lui<\/b><\/span><\/span><\/span><span style=\"color: #eeeeee;\"><span style=\"font-family: Arial, sans-serif;\"><span style=\"font-size: small;\">&#8216; aux c\u00f4t\u00e9s de Simon Couratier, Fred Ferrand, Alessandro Vuilllemerin et Johanna Levy. Cette cr\u00e9ation est un spectacle po\u00e9tique autour de l&#8217;oeuvre du po\u00e8te palestininen Mahmoud Darwich qui allie musique, mouvement et art visuel.<\/span><\/span><\/span><\/p>\t\t\t\t\t\t<\/div>\n\t\t\t\t<\/div>\n\t\t\t\t\t<\/div>\n\t\t<\/div>\n\t\t\t\t\t\t\t<\/div>\n\t\t<\/section>\n\t\t\t\t<section class=\"elementor-section elementor-top-section elementor-element elementor-element-b60de44 elementor-section-stretched elementor-section-boxed elementor-section-height-default elementor-section-height-default\" data-id=\"b60de44\" data-element_type=\"section\" data-settings=\"{&quot;stretch_section&quot;:&quot;section-stretched&quot;}\">\n\t\t\t\t\t\t<div class=\"elementor-container elementor-column-gap-default\">\n\t\t\t\t\t<div class=\"elementor-column elementor-col-50 elementor-top-column elementor-element elementor-element-8001683\" data-id=\"8001683\" data-element_type=\"column\">\n\t\t\t<div class=\"elementor-widget-wrap elementor-element-populated\">\n\t\t\t\t\t\t\t\t<div class=\"elementor-element elementor-element-a5faece elementor-widget elementor-widget-text-editor\" data-id=\"a5faece\" data-element_type=\"widget\" data-widget_type=\"text-editor.default\">\n\t\t\t\t<div class=\"elementor-widget-container\">\n\t\t\t\t\t\t\t\t\t\t\t\t\t<\/div>\n\t\t\t\t<\/div>\n\t\t\t\t<div class=\"elementor-element elementor-element-c851ede elementor-widget elementor-widget-text-editor\" data-id=\"c851ede\" data-element_type=\"widget\" data-widget_type=\"text-editor.default\">\n\t\t\t\t<div class=\"elementor-widget-container\">\n\t\t\t\t\t\t\t<p><strong>\u00a0<\/strong><\/p><p><strong>\u00a0<\/strong><\/p><p><strong>\u00a0<\/strong><\/p><p><strong>\u00a0<\/strong><\/p><p><strong>\u00a0<\/strong><\/p><p><strong>\u00a0<\/strong><\/p><p><strong>\u00a0<\/strong><\/p><p><strong>\u00a0<\/strong><\/p><p><strong>\u00a0<\/strong><\/p><p><strong>\u00a0<\/strong><\/p><p><strong>\u00a0<\/strong><\/p><p><strong>FRED FERRAND<\/strong><br \/><strong>&#8211; Accord\u00e9oniste, compositeur &#8211;<\/strong><\/p>\t\t\t\t\t\t<\/div>\n\t\t\t\t<\/div>\n\t\t\t\t\t<\/div>\n\t\t<\/div>\n\t\t\t\t<div class=\"elementor-column elementor-col-50 elementor-top-column elementor-element elementor-element-cfe4ec8\" data-id=\"cfe4ec8\" data-element_type=\"column\">\n\t\t\t<div class=\"elementor-widget-wrap elementor-element-populated\">\n\t\t\t\t\t\t\t\t<div class=\"elementor-element elementor-element-3185b8a elementor-widget elementor-widget-image\" data-id=\"3185b8a\" data-element_type=\"widget\" data-widget_type=\"image.default\">\n\t\t\t\t<div class=\"elementor-widget-container\">\n\t\t\t\t\t\t\t\t\t\t\t\t\t\t\t<img width=\"750\" height=\"1124\" src=\"http:\/\/chantepourlui.com\/wp-content\/uploads\/2021\/10\/73199678_779161755848000_7305191087855894528_o-768x1151.jpg\" class=\"attachment-medium_large size-medium_large\" alt=\"\" loading=\"lazy\" srcset=\"http:\/\/chantepourlui.com\/wp-content\/uploads\/2021\/10\/73199678_779161755848000_7305191087855894528_o-768x1151.jpg 768w, http:\/\/chantepourlui.com\/wp-content\/uploads\/2021\/10\/73199678_779161755848000_7305191087855894528_o-200x300.jpg 200w, http:\/\/chantepourlui.com\/wp-content\/uploads\/2021\/10\/73199678_779161755848000_7305191087855894528_o-683x1024.jpg 683w, http:\/\/chantepourlui.com\/wp-content\/uploads\/2021\/10\/73199678_779161755848000_7305191087855894528_o-1025x1536.jpg 1025w, http:\/\/chantepourlui.com\/wp-content\/uploads\/2021\/10\/73199678_779161755848000_7305191087855894528_o.jpg 1366w\" sizes=\"(max-width: 750px) 100vw, 750px\" style=\"width:100%;height:149.93%;max-width:1366px\" \/>\t\t\t\t\t\t\t\t\t\t\t\t\t\t\t<\/div>\n\t\t\t\t<\/div>\n\t\t\t\t\t<\/div>\n\t\t<\/div>\n\t\t\t\t\t\t\t<\/div>\n\t\t<\/section>\n\t\t\t\t<section class=\"elementor-section elementor-top-section elementor-element elementor-element-f9fdb19 elementor-section-stretched elementor-section-boxed elementor-section-height-default elementor-section-height-default\" data-id=\"f9fdb19\" data-element_type=\"section\" data-settings=\"{&quot;stretch_section&quot;:&quot;section-stretched&quot;}\">\n\t\t\t\t\t\t<div class=\"elementor-container elementor-column-gap-default\">\n\t\t\t\t\t<div class=\"elementor-column elementor-col-100 elementor-top-column elementor-element elementor-element-c2ee698\" data-id=\"c2ee698\" data-element_type=\"column\">\n\t\t\t<div class=\"elementor-widget-wrap elementor-element-populated\">\n\t\t\t\t\t\t\t\t<div class=\"elementor-element elementor-element-d93c637 elementor-widget elementor-widget-text-editor\" data-id=\"d93c637\" data-element_type=\"widget\" data-widget_type=\"text-editor.default\">\n\t\t\t\t<div class=\"elementor-widget-container\">\n\t\t\t\t\t\t\t<p>\u00a0<\/p><p>\u00a0<\/p><p>Fred Ferrand <\/p><p>d\u00e9bute l\u2019accord\u00e9on chromatique dans l&#8217;\u00e9cole de musique de Nemours (77) et s\u2019initie aux r\u00e9pertoires musette et classique. Aiguill\u00e9 quelques ann\u00e9es plus tard vers Thierry Bretonnet, il d\u00e9couvre une musique plus moderne, jazz, swing. De 2002 \u00e0 2007, il continue sa pratique de l\u2019instrument et s\u2019initie \u00e0 l\u2019improvisation,<\/p><p>alors qu\u2019il m\u00e8ne en parall\u00e8le ses \u00e9tudes aux Beaux Arts d\u2019Orl\u00e9ans. Durant ces ann\u00e9es, il marie diff\u00e9rentes disciplines et va obtenir son dipl\u00f4me de fin d\u2019\u00e9tude avec \u00ab Passer la ligne \u00bb ; un spectacle pour un com\u00e9dien, une danseuse<br \/>et sept musiciens, qu\u2019il met en sc\u00e8ne, et dont il \u00e9crit la musique.<br \/>C\u2019est \u00e9galement l\u2019\u00e9poque de Karmalouch Orchestra, groupe de jazz manouche,<br \/>avec lequel il prend de l\u2019aisancesur sc\u00e8ne et pour lequel il compose quelques musiques.<\/p><p>Son implication dans des groupes tr\u00e8s diff\u00e9rents d\u00e9veloppe un style riche, aux multiples facettes. Improvisateur<br \/>dans le groupe de musique tsigane Dzaw Dzaw, co-arrangeur et musicien dans le spectacle de cabaret \u00ab Chansons d\u00e9g\u00e9n\u00e9r\u00e9es \u00bb dans lequel il accompagne J\u00e9r\u00f4me Marin en compagnie d\u2019Ang\u00e8le Leroy, sur des musiques<br \/>de Kurt Weil ; il participe \u00e0 la cr\u00e9ation de la Sc\u00e8ne Nationale d\u2019Orl\u00e9ans \u00ab Sous l\u2019Ombrelle \u00bb, spectacle de danse contemporaine et de chanson avec notamment Fran\u00e7ois Chaignaud et J\u00e9r\u00f4me Marin.<\/p><p>Compositeur dans le groupe \u00ab Albert Tandem \u00bb, fond\u00e9 en 2010, dans lequel il accompagne le parolier Arnaud Roi, Muriel Blondeau et Laure Borettaz. Suivent \u00ab Cabaret Berlin \u00bb de J\u00e9r\u00f4me Marin en 2011, \u00ab Le septi\u00e8me conte \u00bb, spectacle pour enfants \u00e9crit et mis en sc\u00e8ne par Manouchka Recoch\u00e9 et pour lequel il compose et joue sur sc\u00e8ne.<br \/>Il fonde le Fantasy Orkestra, octet de bal plus ou moins musette et loufoque.<br \/>Il tourne depuis 4 ans dans le spectacle de th\u00e9\u00e2tre d\u2019objet \u00ab La balle rouge \u00bb et accompagne Aim\u00e9e Leballeur et Val\u00e9rian Renault dans \u00ab Jean Yanne, Bach to twist \u00bb et dans \u00ab Damedom \u00bb.<\/p>\t\t\t\t\t\t<\/div>\n\t\t\t\t<\/div>\n\t\t\t\t\t<\/div>\n\t\t<\/div>\n\t\t\t\t\t\t\t<\/div>\n\t\t<\/section>\n\t\t\t\t<section class=\"elementor-section elementor-top-section elementor-element elementor-element-16f0a2f elementor-section-stretched elementor-section-boxed elementor-section-height-default elementor-section-height-default\" data-id=\"16f0a2f\" data-element_type=\"section\" data-settings=\"{&quot;stretch_section&quot;:&quot;section-stretched&quot;}\">\n\t\t\t\t\t\t<div class=\"elementor-container elementor-column-gap-default\">\n\t\t\t\t\t<div class=\"elementor-column elementor-col-50 elementor-top-column elementor-element elementor-element-937c6c3\" data-id=\"937c6c3\" data-element_type=\"column\">\n\t\t\t<div class=\"elementor-widget-wrap elementor-element-populated\">\n\t\t\t\t\t\t\t\t<div class=\"elementor-element elementor-element-64d1ec6 elementor-widget elementor-widget-text-editor\" data-id=\"64d1ec6\" data-element_type=\"widget\" data-widget_type=\"text-editor.default\">\n\t\t\t\t<div class=\"elementor-widget-container\">\n\t\t\t\t\t\t\t<p><strong>\u00a0<\/strong><\/p><p><strong>\u00a0<\/strong><\/p><p><strong>\u00a0<\/strong><\/p><p><strong>\u00a0<\/strong><\/p><p><strong>\u00a0<\/strong><\/p><p><strong>\u00a0<\/strong><\/p><p><strong>\u00a0<\/strong><\/p><p><strong>\u00a0<\/strong><\/p><p><strong>\u00a0<\/strong><\/p><p><strong>\u00a0<\/strong><\/p><p><strong>\u00a0<\/strong><\/p><p><strong>ALE<\/strong><br \/><strong>&#8211; Cr\u00e9ateur lumi\u00e8res et vid\u00e9o &#8211;<\/strong><\/p><p>\u00a0<\/p>\t\t\t\t\t\t<\/div>\n\t\t\t\t<\/div>\n\t\t\t\t\t<\/div>\n\t\t<\/div>\n\t\t\t\t<div class=\"elementor-column elementor-col-50 elementor-top-column elementor-element elementor-element-e39e329\" data-id=\"e39e329\" data-element_type=\"column\">\n\t\t\t<div class=\"elementor-widget-wrap\">\n\t\t\t\t\t\t\t\t\t<\/div>\n\t\t<\/div>\n\t\t\t\t\t\t\t<\/div>\n\t\t<\/section>\n\t\t\t\t<section class=\"elementor-section elementor-top-section elementor-element elementor-element-665a79b elementor-section-stretched elementor-section-boxed elementor-section-height-default elementor-section-height-default\" data-id=\"665a79b\" data-element_type=\"section\" data-settings=\"{&quot;stretch_section&quot;:&quot;section-stretched&quot;}\">\n\t\t\t\t\t\t<div class=\"elementor-container elementor-column-gap-default\">\n\t\t\t\t\t<div class=\"elementor-column elementor-col-100 elementor-top-column elementor-element elementor-element-a4f3533\" data-id=\"a4f3533\" data-element_type=\"column\">\n\t\t\t<div class=\"elementor-widget-wrap elementor-element-populated\">\n\t\t\t\t\t\t\t\t<div class=\"elementor-element elementor-element-88bca89 elementor-widget elementor-widget-text-editor\" data-id=\"88bca89\" data-element_type=\"widget\" data-widget_type=\"text-editor.default\">\n\t\t\t\t<div class=\"elementor-widget-container\">\n\t\t\t\t\t\t\t<p>\u00a0<\/p><p>Il a travaill\u00e9 aux c\u00f4t\u00e9s d&#8217;Eug\u00e8ne Green (Correspondances, Prix du public <br \/>au festival de Locarno 2007) en tant qu&#8217;assistant-r\u00e9alisateur puis fond\u00e9 avec \u00c9lise Truchard la compagnie Petite Nature. Il a ainsi co-\u00e9crit et co-mis en sc\u00e8ne les spectacles de la compagnie pour lesquels il a \u00e9galement sign\u00e9 les sc\u00e9nographies et les lumi\u00e8res <br \/>(sauf Le Temps du Monde fini, lumi\u00e8res de Franck Th\u00e9venon). Alessandro est passionn\u00e9 d&#8217;informatique et d&#8217;\u00e9lectronique et depuis 2013 ses installations participent \u00e0 plusieurs expositions d&#8217;art num\u00e9rique (XUL ville d&#8217;Orl\u00e9ans 2014, Nuits Blanches de Paris 2015, <br \/>Rencontres du num\u00e9rique de la r\u00e9gion Centre Val de Loire 2016).<\/p><p>Parall\u00e8lement \u00e0 cela il cr\u00e9e les lumi\u00e8res de plusieurs spectacle pour des<br \/>compagnies th\u00e9\u00e2trales (Th\u00e9\u00e2tre de l&#8217;Argile, mes Christophe Cochard,<br \/>Aurachrome, Th\u00e9\u00e2tre mes Bastien Crinon) pour des concerts et des mus\u00e9es.<br \/>Il collabore \u00e9galement avec le musicien Simon Couratier pour l&#8217;Homme Machine (2015) <br \/>et la r\u00e9cente cr\u00e9ation Haikus Num\u00e9riques.<\/p>\t\t\t\t\t\t<\/div>\n\t\t\t\t<\/div>\n\t\t\t\t\t<\/div>\n\t\t<\/div>\n\t\t\t\t\t\t\t<\/div>\n\t\t<\/section>\n\t\t\t\t<section class=\"elementor-section elementor-top-section elementor-element elementor-element-7ea37d0 elementor-section-stretched elementor-section-boxed elementor-section-height-default elementor-section-height-default\" data-id=\"7ea37d0\" data-element_type=\"section\" data-settings=\"{&quot;stretch_section&quot;:&quot;section-stretched&quot;}\">\n\t\t\t\t\t\t<div class=\"elementor-container elementor-column-gap-default\">\n\t\t\t\t\t<div class=\"elementor-column elementor-col-100 elementor-top-column elementor-element elementor-element-c768a65\" data-id=\"c768a65\" data-element_type=\"column\">\n\t\t\t<div class=\"elementor-widget-wrap elementor-element-populated\">\n\t\t\t\t\t\t\t\t<div class=\"elementor-element elementor-element-19d80f0 elementor-widget elementor-widget-text-editor\" data-id=\"19d80f0\" data-element_type=\"widget\" data-widget_type=\"text-editor.default\">\n\t\t\t\t<div class=\"elementor-widget-container\">\n\t\t\t\t\t\t\t<p><strong>\u00a0<\/strong><\/p><p><strong>\u00a0<\/strong><\/p><p><strong>JOHANNA LEVY<\/strong><\/p><p><strong>&#8211; Chor\u00e9graphe &#8211;<\/strong><\/p><p>\u00a0<\/p>\t\t\t\t\t\t<\/div>\n\t\t\t\t<\/div>\n\t\t\t\t\t<\/div>\n\t\t<\/div>\n\t\t\t\t\t\t\t<\/div>\n\t\t<\/section>\n\t\t\t\t<section class=\"elementor-section elementor-top-section elementor-element elementor-element-549c659 elementor-section-stretched elementor-section-boxed elementor-section-height-default elementor-section-height-default\" data-id=\"549c659\" data-element_type=\"section\" data-settings=\"{&quot;stretch_section&quot;:&quot;section-stretched&quot;}\">\n\t\t\t\t\t\t<div class=\"elementor-container elementor-column-gap-default\">\n\t\t\t\t\t<div class=\"elementor-column elementor-col-100 elementor-top-column elementor-element elementor-element-5fa06f0\" data-id=\"5fa06f0\" data-element_type=\"column\">\n\t\t\t<div class=\"elementor-widget-wrap elementor-element-populated\">\n\t\t\t\t\t\t\t\t<div class=\"elementor-element elementor-element-135fce3 elementor-widget elementor-widget-text-editor\" data-id=\"135fce3\" data-element_type=\"widget\" data-widget_type=\"text-editor.default\">\n\t\t\t\t<div class=\"elementor-widget-container\">\n\t\t\t\t\t\t\t<p>Johanna Levy est dipl\u00f4m\u00e9e du Conservatoire National Sup\u00e9rieur de Lyon <\/p><p>et form\u00e9e \u00e0 l\u2019\u00e9cole de Maurice B\u00e9jart en Suisse. Elle est titulaire d&#8217;une ma\u00eetrise <br \/>en Art du Spectacle \u00e0 Paris 8. Elle s&#8217;installe \u00e0 Londres o\u00f9 elle danse pour diff\u00e9rentes<br \/>compagnies comme Ijad dance Company, The Institute for Crazy Dancing, Lucy<br \/>Suggate. Elle tourne 8 ans \u00e0 l&#8217;international avec la compagnie am\u00e9ricaine bas\u00e9e \u00e0<br \/>New York et Berlin, Troika Ranch, et rencontre la vid\u00e9aste Ruth Sergel qui \u00e9crit un<br \/>duo pour elle et Luigi Coppola: Alchemy of Light. De retour en France, Johanna<br \/>enrichit son parcours d\u2019interpr\u00e8te avec de nombreuses rencontres alliant le cirque, <br \/>la danse et le th\u00e9\u00e2tre.<\/p><p>La Compagnie Ten se cr\u00e9e quand La Ferme du Buisson l\u2019accueille en r\u00e9sidence <br \/>et co-produit sa premi\u00e8re pi\u00e8ce Hotel Mind en d\u00e9cembre 2008.<br \/>Depuis, la compagnie s\u2019inscrit dans le paysage de l\u2019\u00e9mergence chor\u00e9graphique <br \/>et se r\u00e9gale \u00e0 trouver son identit\u00e9 et son originalit\u00e9.<\/p><p>Le parcours de la chor\u00e9graphe Johanna Levy a \u00e9t\u00e9 influenc\u00e9 par la musique <br \/>et le th\u00e9\u00e2tre qui sont tr\u00e8s pr\u00e9sents dans ses cr\u00e9ations o\u00f9 elle explore les \u00e9tats physiques<br \/>et \u00e9motionnels qui se d\u00e9ploient autour d&#8217;une situation particuli\u00e8re. <br \/>Le travail d\u00e9fend une \u00e9criture \u00e0 la lisi\u00e8re de la danse et du th\u00e9\u00e2tre avec une forte influence<br \/>cin\u00e9matographique. Nous retrouvons des situations simples o\u00f9 les corps vont exister<br \/>tels des personnages, jusqu\u2019\u00e0 ce que la danse \u00e9merge et que le mouvement parle<\/p>\t\t\t\t\t\t<\/div>\n\t\t\t\t<\/div>\n\t\t\t\t\t<\/div>\n\t\t<\/div>\n\t\t\t\t\t\t\t<\/div>\n\t\t<\/section>\n\t\t\t\t\t\t<\/div>\n\t\t\t\t\t<\/div>\n\t\t","protected":false},"excerpt":{"rendered":"<p>SIMON COURATIER&#8211; Saxophoniste, fl\u00fbtiste, machiniste, soundpainter, compositeur &#8211; Il d\u00e9bute ses \u00e9tudes musicales au Conservatoire d\u2019Orl\u00e9ans, o\u00f9 il obtient un premier prix de musique de chambre,puis un premier prix de saxophone et un premier prix de formation musicale.Il poursuit son cursus \u00e0 Jazz \u00e0 Tours puis \u00e0 Aubervilliers La Courneuve afin d\u2019approfondir ses connaissances dans&hellip; <a class=\"more-link\" href=\"http:\/\/chantepourlui.com\/?page_id=12\">Continue reading <span class=\"screen-reader-text\">Biographie<\/span><\/a><\/p>\n","protected":false},"author":1,"featured_media":0,"parent":0,"menu_order":0,"comment_status":"closed","ping_status":"closed","template":"","meta":{"om_disable_all_campaigns":false,"_monsterinsights_skip_tracking":false,"_monsterinsights_sitenote_active":false,"_monsterinsights_sitenote_note":"","_monsterinsights_sitenote_category":0},"aioseo_notices":[],"_links":{"self":[{"href":"http:\/\/chantepourlui.com\/index.php?rest_route=\/wp\/v2\/pages\/12"}],"collection":[{"href":"http:\/\/chantepourlui.com\/index.php?rest_route=\/wp\/v2\/pages"}],"about":[{"href":"http:\/\/chantepourlui.com\/index.php?rest_route=\/wp\/v2\/types\/page"}],"author":[{"embeddable":true,"href":"http:\/\/chantepourlui.com\/index.php?rest_route=\/wp\/v2\/users\/1"}],"replies":[{"embeddable":true,"href":"http:\/\/chantepourlui.com\/index.php?rest_route=%2Fwp%2Fv2%2Fcomments&post=12"}],"version-history":[{"count":25,"href":"http:\/\/chantepourlui.com\/index.php?rest_route=\/wp\/v2\/pages\/12\/revisions"}],"predecessor-version":[{"id":255,"href":"http:\/\/chantepourlui.com\/index.php?rest_route=\/wp\/v2\/pages\/12\/revisions\/255"}],"wp:attachment":[{"href":"http:\/\/chantepourlui.com\/index.php?rest_route=%2Fwp%2Fv2%2Fmedia&parent=12"}],"curies":[{"name":"wp","href":"https:\/\/api.w.org\/{rel}","templated":true}]}}